{"id":1860,"date":"2025-08-21T21:05:48","date_gmt":"2025-08-21T21:05:48","guid":{"rendered":"https:\/\/www.sarahazavendeghaz.hu\/?page_id=1860"},"modified":"2025-08-21T21:08:07","modified_gmt":"2025-08-21T21:08:07","slug":"reggeli-szolgaltatas-helyi-izek-kosarai","status":"publish","type":"page","link":"https:\/\/www.sarahazavendeghaz.hu\/?page_id=1860","title":{"rendered":"Reggeli szolg\u00e1ltat\u00e1s &#8211; helyi \u00edzek kosarai"},"content":{"rendered":"\n<p><strong>Aba\u00faj-Zempl\u00e9n\u201dkincsei\u201d reggeli <\/strong>&nbsp;vend\u00e9gh\u00e1zas <strong>kos\u00e1r<\/strong>&nbsp;\u2013 fedezze fel a k\u00f6rny\u00e9k \u00ednycsikland\u00f3 \u00edzeit<\/p>\n\n\n\n<p>Sz\u00edvesen megk\u00f3stoln\u00e1 a helyi k\u00fcl\u00f6nlegess\u00e9geket? A k\u00f6rny\u00e9k leg\u00ednycsikland\u00f3bb \u00edzeit rendezz\u00fck kos\u00e1rba.<\/p>\n\n\n\n<p>A b\u0151s\u00e9ges vid\u00e9ki reggelit helyi termel\u0151k alapanyagaib\u00f3l \u00e1ll\u00edtjuk \u00f6ssze.<\/p>\n\n\n\n<p>S, hogy a v\u00e1laszt\u00e1s lehet\u0151s\u00e9g\u00e9t biztos\u00edtsuk,  k\u00e9tf\u00e9le reggeli kos\u00e1r k\u00edn\u00e1lat \u00e1ll rendelkez\u00e9sre:<\/p>\n\n\n\n<p><strong><em>Aba\u00faj-Zempl\u00e9n \u201ekincsei\u201d reggeli vend\u00e9gh\u00e1zas kos\u00e1r \u201eSTANDARD\u201d \u2013 \u00c1r: 13.000 Ft \/ kos\u00e1r \/ 2 f\u0151 (ig\u00e9ny szerint b\u0151v\u00edthe<\/em><\/strong><strong><em>t\u0151 + 6.500 Ft\/f\u0151)<\/em><\/strong><\/p>\n\n\n\n<ul class=\"wp-block-list\">\n<li>friss kov\u00e1szos keny\u00e9r (500 g)<\/li>\n\n\n\n<li>\u00e9rlelt mangalica sonka (10 dkg)<\/li>\n\n\n\n<li>k\u00e9zm\u0171ves sajtv\u00e1logat\u00e1s \/ f\u00fcst\u00f6lt, l\u00e1gy \u00e9s kem\u00e9ny sajtok\/ (8 dkg)<\/li>\n\n\n\n<li>k\u00e9zm\u0171ves joghurt (2 db)<\/li>\n\n\n\n<li>friss, szezon\u00e1lis z\u00f6lds\u00e9gek 2 f\u0151re (25 dkg<\/li>\n\n\n\n<li>kistermel\u0151i lekv\u00e1r (165 ml<\/li>\n\n\n\n<li>vaj (10 dkg)<\/li>\n\n\n\n<li>tej (0,5 liter)<\/li>\n\n\n\n<li>100%-os gy\u00fcm\u00f6lcsl\u00e9 (0,5 liter)<\/li>\n<\/ul>\n\n\n\n<p><strong><em>Aba\u00faj-Zempl\u00e9n \u201ekincsei\u201d reggeli vend\u00e9gh\u00e1zas kos\u00e1r \u201eCLASSIC\u201d \u2013 \u00c1r: 17.000 Ft \/ kos\u00e1r \/ 2f\u0151 (ig\u00e9ny szerint b\u0151v\u00edthet\u0151 + 8.500 Ft\/f\u0151)<\/em><\/strong><strong><em><\/em><\/strong><\/p>\n\n\n\n<ul class=\"wp-block-list\">\n<li>friss kov\u00e1sszal k\u00e9sz\u00fclt p\u00e9k\u00e1ru (2 db kifli, 2 db zsemle)<\/li>\n\n\n\n<li>h\u00e1zi jelleg\u0171 mangalica kolb\u00e1sz (10 dkg)<\/li>\n\n\n\n<li>\u00e9rlelt mangalica sonka (10 dkg)<\/li>\n\n\n\n<li>k\u00e9zm\u0171ves sajtv\u00e1logat\u00e1s \/ f\u00fcst\u00f6lt, l\u00e1gy \u00e9s kem\u00e9ny sajtok\/ (8 dkg)<\/li>\n\n\n\n<li>k\u00e9zm\u0171ves joghurt (2 db)<\/li>\n\n\n\n<li>friss, szezon\u00e1lis z\u00f6lds\u00e9gek 2 f\u0151re (25 dkg)<\/li>\n\n\n\n<li>friss, szezon\u00e1lis gy\u00fcm\u00f6lcs 2 f\u0151re (25 dkg)<\/li>\n\n\n\n<li>kistermel\u0151i lekv\u00e1r (165 ml)<\/li>\n\n\n\n<li>vaj (10 dkg)<\/li>\n\n\n\n<li>kistermel\u0151i szendvicskr\u00e9m (10 dkg)<\/li>\n\n\n\n<li>tej (0,5 liter)<\/li>\n\n\n\n<li>100%-os gy\u00fcm\u00f6lcsl\u00e9 (0,5 liter)<\/li>\n<\/ul>\n\n\n\n<p><br>K\u00e9rj\u00fck, hogy reggeli ig\u00e9ny\u00fcket \u00e9rkez\u00e9s\u00fck el\u0151tt legal\u00e1bb 1 h\u00e9ttel jelezz\u00e9k, hogy minden term\u00e9ket id\u0151ben beszerezhess\u00fcnk termel\u0151inkt\u0151l. K\u00f6sz\u00f6nj\u00fck.<\/p>\n\n\n\n<p><\/p>\n","protected":false},"excerpt":{"rendered":"<p>Aba\u00faj-Zempl\u00e9n\u201dkincsei\u201d reggeli &nbsp;vend\u00e9gh\u00e1zas kos\u00e1r&nbsp;\u2013 fedezze fel a k\u00f6rny\u00e9k \u00ednycsikland\u00f3 \u00edzeit Sz\u00edvesen megk\u00f3stoln\u00e1 a helyi k\u00fcl\u00f6nlegess\u00e9geket? A k\u00f6rny\u00e9k leg\u00ednycsikland\u00f3bb \u00edzeit rendezz\u00fck kos\u00e1rba. A b\u0151s\u00e9ges vid\u00e9ki reggelit helyi termel\u0151k alapanyagaib\u00f3l \u00e1ll\u00edtjuk \u00f6ssze. S, hogy a v\u00e1laszt\u00e1s lehet\u0151s\u00e9g\u00e9t biztos\u00edtsuk, k\u00e9tf\u00e9le reggeli kos\u00e1r k\u00edn\u00e1lat \u00e1ll rendelkez\u00e9sre: Aba\u00faj-Zempl\u00e9n \u201ekincsei\u201d reggeli vend\u00e9gh\u00e1zas kos\u00e1r \u201eSTANDARD\u201d \u2013 \u00c1r: 13.000 Ft \/ kos\u00e1r \/<span class=\"post-excerpt-end\">&hellip;<\/span><\/p>\n<p class=\"more-link\"><a href=\"https:\/\/www.sarahazavendeghaz.hu\/?page_id=1860\" class=\"themebutton\">Read More<\/a><\/p>\n","protected":false},"author":4,"featured_media":0,"parent":0,"menu_order":0,"comment_status":"closed","ping_status":"closed","template":"","meta":{"_eb_attr":"","ngg_post_thumbnail":0,"footnotes":""},"class_list":["post-1860","page","type-page","status-publish","hentry"],"_links":{"self":[{"href":"https:\/\/www.sarahazavendeghaz.hu\/index.php?rest_route=\/wp\/v2\/pages\/1860","targetHints":{"allow":["GET"]}}],"collection":[{"href":"https:\/\/www.sarahazavendeghaz.hu\/index.php?rest_route=\/wp\/v2\/pages"}],"about":[{"href":"https:\/\/www.sarahazavendeghaz.hu\/index.php?rest_route=\/wp\/v2\/types\/page"}],"author":[{"embeddable":true,"href":"https:\/\/www.sarahazavendeghaz.hu\/index.php?rest_route=\/wp\/v2\/users\/4"}],"replies":[{"embeddable":true,"href":"https:\/\/www.sarahazavendeghaz.hu\/index.php?rest_route=%2Fwp%2Fv2%2Fcomments&post=1860"}],"version-history":[{"count":3,"href":"https:\/\/www.sarahazavendeghaz.hu\/index.php?rest_route=\/wp\/v2\/pages\/1860\/revisions"}],"predecessor-version":[{"id":1865,"href":"https:\/\/www.sarahazavendeghaz.hu\/index.php?rest_route=\/wp\/v2\/pages\/1860\/revisions\/1865"}],"wp:attachment":[{"href":"https:\/\/www.sarahazavendeghaz.hu\/index.php?rest_route=%2Fwp%2Fv2%2Fmedia&parent=1860"}],"curies":[{"name":"wp","href":"https:\/\/api.w.org\/{rel}","templated":true}]}}